{"id":1559,"date":"2025-03-19T14:04:20","date_gmt":"2025-03-19T14:04:20","guid":{"rendered":"https:\/\/www.aircargo-transport.eu\/discovery\/?page_id=1559"},"modified":"2025-03-19T14:06:30","modified_gmt":"2025-03-19T14:06:30","slug":"eiltransporte-spezialtransporte","status":"publish","type":"page","link":"https:\/\/www.aircargo-transport.eu\/discovery\/eiltransporte-spezialtransporte\/","title":{"rendered":"Eiltransporte \/ Spezialtransporte"},"content":{"rendered":"\t\t<div data-elementor-type=\"wp-page\" data-elementor-id=\"1559\" class=\"elementor elementor-1559\">\n\t\t\t\t\t\t\t\t\t<section class=\"elementor-section elementor-top-section elementor-element elementor-element-6984c92 elementor-section-full_width elementor-section-height-min-height elementor-section-height-default elementor-section-items-middle\" data-id=\"6984c92\" data-element_type=\"section\" data-settings=\"{&quot;background_background&quot;:&quot;classic&quot;}\">\n\t\t\t\t\t\t\t<div class=\"elementor-background-overlay\"><\/div>\n\t\t\t\t\t\t\t<div class=\"elementor-container elementor-column-gap-no\">\n\t\t\t\t\t<div class=\"elementor-column elementor-col-100 elementor-top-column elementor-element elementor-element-2d85919\" data-id=\"2d85919\" data-element_type=\"column\">\n\t\t\t<div class=\"elementor-widget-wrap\">\n\t\t\t\t\t\t\t\t\t<\/div>\n\t\t<\/div>\n\t\t\t\t\t\t\t<\/div>\n\t\t<\/section>\n\t\t\t\t<section class=\"elementor-section elementor-top-section elementor-element elementor-element-9194ad1 elementor-section-boxed elementor-section-height-default elementor-section-height-default\" data-id=\"9194ad1\" data-element_type=\"section\">\n\t\t\t\t\t\t<div class=\"elementor-container elementor-column-gap-default\">\n\t\t\t\t\t<div class=\"elementor-column elementor-col-100 elementor-top-column elementor-element elementor-element-e7153c9\" data-id=\"e7153c9\" data-element_type=\"column\">\n\t\t\t<div class=\"elementor-widget-wrap elementor-element-populated\">\n\t\t\t\t\t\t\t\t<div class=\"elementor-element elementor-element-97915e2 elementor-widget elementor-widget-heading\" data-id=\"97915e2\" data-element_type=\"widget\" data-widget_type=\"heading.default\">\n\t\t\t\t<div class=\"elementor-widget-container\">\n\t\t\t<style>\/*! elementor - v3.13.3 - 28-05-2023 *\/\n.elementor-heading-title{padding:0;margin:0;line-height:1}.elementor-widget-heading .elementor-heading-title[class*=elementor-size-]>a{color:inherit;font-size:inherit;line-height:inherit}.elementor-widget-heading .elementor-heading-title.elementor-size-small{font-size:15px}.elementor-widget-heading .elementor-heading-title.elementor-size-medium{font-size:19px}.elementor-widget-heading .elementor-heading-title.elementor-size-large{font-size:29px}.elementor-widget-heading .elementor-heading-title.elementor-size-xl{font-size:39px}.elementor-widget-heading .elementor-heading-title.elementor-size-xxl{font-size:59px}<\/style><h1 class=\"elementor-heading-title elementor-size-default\">Eiltransporte \/ Spezialtransporte<\/h1>\t\t<\/div>\n\t\t\t\t<\/div>\n\t\t\t\t<section class=\"elementor-section elementor-inner-section elementor-element elementor-element-fdf6019 elementor-section-boxed elementor-section-height-default elementor-section-height-default\" data-id=\"fdf6019\" data-element_type=\"section\">\n\t\t\t\t\t\t<div class=\"elementor-container elementor-column-gap-default\">\n\t\t\t\t\t<div class=\"elementor-column elementor-col-50 elementor-inner-column elementor-element elementor-element-09e3815\" data-id=\"09e3815\" data-element_type=\"column\">\n\t\t\t<div class=\"elementor-widget-wrap elementor-element-populated\">\n\t\t\t\t\t\t\t\t<div class=\"elementor-element elementor-element-b605078 elementor-widget elementor-widget-text-editor\" data-id=\"b605078\" data-element_type=\"widget\" data-widget_type=\"text-editor.default\">\n\t\t\t\t<div class=\"elementor-widget-container\">\n\t\t\t<style>\/*! elementor - v3.13.3 - 28-05-2023 *\/\n.elementor-widget-text-editor.elementor-drop-cap-view-stacked .elementor-drop-cap{background-color:#69727d;color:#fff}.elementor-widget-text-editor.elementor-drop-cap-view-framed .elementor-drop-cap{color:#69727d;border:3px solid;background-color:transparent}.elementor-widget-text-editor:not(.elementor-drop-cap-view-default) .elementor-drop-cap{margin-top:8px}.elementor-widget-text-editor:not(.elementor-drop-cap-view-default) .elementor-drop-cap-letter{width:1em;height:1em}.elementor-widget-text-editor .elementor-drop-cap{float:left;text-align:center;line-height:1;font-size:50px}.elementor-widget-text-editor .elementor-drop-cap-letter{display:inline-block}<\/style>\t\t\t\t<h3>Zuverl\u00e4ssige und erfahrene Eiltransportdienste<\/h3><p>Haben Sie eine Sendung, die aufgrund von Gr\u00f6\u00dfe, Gewicht oder einer bestimmten Art der Ladungssicherung nicht unter \u201enormalen\u201c Umst\u00e4nden transportiert werden kann? Oder ben\u00f6tigen Sie eine kurzfristige Lieferung? Kein Problem f\u00fcr Aircargo Transport! Noch besser: Wir haben umfangreiche Erfahrungen sowohl mit <strong>Eiltransporten<\/strong> als auch mit <strong>Spezialtransporten<\/strong>.<\/p><p>Von Flugzeugtriebwerken \u00fcber Hubschrauberbl\u00e4tter bis hin zu Autos und \u00fcbergro\u00dfen Maschinen ist uns keine Fracht zu viel. Sie k\u00f6nnen sicher sein, dass Ihre Fracht in guten H\u00e4nden ist. Unsere qualifizierten Fahrer haben die Erfahrung und das Know-how, um Eil- und Spezialtransporte zu bew\u00e4ltigen. Wir haben nicht nur Fahrer mit dem richtigen Wissen, sondern auch die richtige Ausr\u00fcstung: Anh\u00e4nger mit Schiebe- oder Faltd\u00e4chern von bis zu zwanzig Zentimetern, Curtainsider und mehr. Die M\u00f6glichkeiten sind endlos.<\/p>\t\t\t\t\t\t<\/div>\n\t\t\t\t<\/div>\n\t\t\t\t\t<\/div>\n\t\t<\/div>\n\t\t\t\t<div class=\"elementor-column elementor-col-50 elementor-inner-column elementor-element elementor-element-afcdea4\" data-id=\"afcdea4\" data-element_type=\"column\">\n\t\t\t<div class=\"elementor-widget-wrap elementor-element-populated\">\n\t\t\t\t\t\t\t\t<div class=\"elementor-element elementor-element-302a2eb elementor-widget elementor-widget-text-editor\" data-id=\"302a2eb\" data-element_type=\"widget\" data-widget_type=\"text-editor.default\">\n\t\t\t\t<div class=\"elementor-widget-container\">\n\t\t\t\t\t\t\t<h3>Was sind Eiltransporte und Spezialtransporte?<\/h3><p>Eiltransporte und Spezialtransporte sind logistische Dienstleistungen f\u00fcr G\u00fcter, die aufgrund ihrer Gr\u00f6\u00dfe, ihres Gewichts oder ihrer Beschaffenheit besondere Sorgfalt, Aufmerksamkeit oder einen engen Zeitplan erfordern. Ganz gleich, ob es sich um \u00fcbergro\u00dfe Maschinen, zerbrechliche Gegenst\u00e4nde oder Fracht mit besonderen Sicherheitsanforderungen handelt, wir bieten ma\u00dfgeschneiderte L\u00f6sungen, um einen sicheren und effizienten Transport zu gew\u00e4hrleisten \u2013 selbst bei kurzfristigen Auftr\u00e4gen.<\/p><p>Unsere erfahrenen Fahrer sind f\u00fcr die Bew\u00e4ltigung einzigartiger logistischer Herausforderungen geschult und unsere Flotte umfasst eine Vielzahl von Spezialanh\u00e4ngern, wie z. B. Anh\u00e4nger mit Schiebe- oder Faltd\u00e4chern, Curtainsider und mehr. Wir wickeln jeden Aspekt des Transportprozesses mit Pr\u00e4zision ab, um knappe Fristen einzuhalten und die Unversehrtheit Ihrer Waren zu gew\u00e4hrleisten.<\/p>\t\t\t\t\t\t<\/div>\n\t\t\t\t<\/div>\n\t\t\t\t\t<\/div>\n\t\t<\/div>\n\t\t\t\t\t\t\t<\/div>\n\t\t<\/section>\n\t\t\t\t<div class=\"elementor-element elementor-element-a39ee76 elementor-invisible elementor-widget elementor-widget-image\" data-id=\"a39ee76\" data-element_type=\"widget\" data-settings=\"{&quot;_animation&quot;:&quot;slideInLeft&quot;}\" data-widget_type=\"image.default\">\n\t\t\t\t<div class=\"elementor-widget-container\">\n\t\t\t<style>\/*! elementor - v3.13.3 - 28-05-2023 *\/\n.elementor-widget-image{text-align:center}.elementor-widget-image a{display:inline-block}.elementor-widget-image a img[src$=\".svg\"]{width:48px}.elementor-widget-image img{vertical-align:middle;display:inline-block}<\/style>\t\t\t\t\t\t\t\t\t\t\t\t<img decoding=\"async\" width=\"1024\" height=\"90\" src=\"https:\/\/www.aircargo-transport.eu\/discovery\/wp-content\/uploads\/2017\/12\/service_hands-1024x90.png\" class=\"attachment-large size-large wp-image-88\" alt=\"\" srcset=\"https:\/\/www.aircargo-transport.eu\/discovery\/wp-content\/uploads\/2017\/12\/service_hands-1024x90.png 1024w, https:\/\/www.aircargo-transport.eu\/discovery\/wp-content\/uploads\/2017\/12\/service_hands-300x26.png 300w, https:\/\/www.aircargo-transport.eu\/discovery\/wp-content\/uploads\/2017\/12\/service_hands-768x68.png 768w, https:\/\/www.aircargo-transport.eu\/discovery\/wp-content\/uploads\/2017\/12\/service_hands-260x23.png 260w, https:\/\/www.aircargo-transport.eu\/discovery\/wp-content\/uploads\/2017\/12\/service_hands-50x4.png 50w, https:\/\/www.aircargo-transport.eu\/discovery\/wp-content\/uploads\/2017\/12\/service_hands-150x13.png 150w, https:\/\/www.aircargo-transport.eu\/discovery\/wp-content\/uploads\/2017\/12\/service_hands.png 1091w\" sizes=\"(max-width: 1024px) 100vw, 1024px\" \/>\t\t\t\t\t\t\t\t\t\t\t\t\t\t\t<\/div>\n\t\t\t\t<\/div>\n\t\t\t\t\t<\/div>\n\t\t<\/div>\n\t\t\t\t\t\t\t<\/div>\n\t\t<\/section>\n\t\t\t\t<section class=\"elementor-section elementor-top-section elementor-element elementor-element-b0e36a6 elementor-section-content-middle elementor-section-boxed elementor-section-height-default elementor-section-height-default\" data-id=\"b0e36a6\" data-element_type=\"section\" data-settings=\"{&quot;background_background&quot;:&quot;classic&quot;}\">\n\t\t\t\t\t\t<div class=\"elementor-container elementor-column-gap-default\">\n\t\t\t\t\t<div class=\"elementor-column elementor-col-50 elementor-top-column elementor-element elementor-element-55d44ed\" data-id=\"55d44ed\" data-element_type=\"column\">\n\t\t\t<div class=\"elementor-widget-wrap elementor-element-populated\">\n\t\t\t\t\t\t\t\t<div class=\"elementor-element elementor-element-47b6254 elementor-widget elementor-widget-image\" data-id=\"47b6254\" data-element_type=\"widget\" data-widget_type=\"image.default\">\n\t\t\t\t<div class=\"elementor-widget-container\">\n\t\t\t\t\t\t\t\t\t\t\t\t\t\t\t<img decoding=\"async\" width=\"800\" height=\"404\" src=\"https:\/\/www.aircargo-transport.eu\/discovery\/wp-content\/uploads\/2025\/01\/aircargo-image-service.webp\" class=\"attachment-large size-large wp-image-827\" alt=\"\" srcset=\"https:\/\/www.aircargo-transport.eu\/discovery\/wp-content\/uploads\/2025\/01\/aircargo-image-service.webp 800w, https:\/\/www.aircargo-transport.eu\/discovery\/wp-content\/uploads\/2025\/01\/aircargo-image-service-768x388.webp 768w\" sizes=\"(max-width: 800px) 100vw, 800px\" \/>\t\t\t\t\t\t\t\t\t\t\t\t\t\t\t<\/div>\n\t\t\t\t<\/div>\n\t\t\t\t\t<\/div>\n\t\t<\/div>\n\t\t\t\t<div class=\"elementor-column elementor-col-50 elementor-top-column elementor-element elementor-element-498052b\" data-id=\"498052b\" data-element_type=\"column\">\n\t\t\t<div class=\"elementor-widget-wrap elementor-element-populated\">\n\t\t\t\t\t\t\t\t<div class=\"elementor-element elementor-element-96f1073 elementor-widget elementor-widget-text-editor\" data-id=\"96f1073\" data-element_type=\"widget\" data-widget_type=\"text-editor.default\">\n\t\t\t\t<div class=\"elementor-widget-container\">\n\t\t\t\t\t\t\t<h3>Au\u00dfergew\u00f6hnlicher Service, zugeschnitten auf Ihre Bed\u00fcrfnisse<\/h3><p>Wir bewegen nicht einfach nur Fracht \u2013 wir bieten einen <strong>pers\u00f6nlichen Service<\/strong>, der auf Ihre individuellen Anforderungen zugeschnitten ist:<\/p><ul><li><strong>24\/7-Kundendienst<\/strong>: Prompte Unterst\u00fctzung und proaktive Kommunikation gew\u00e4hrleisten einen reibungslosen Service.<\/li><li><strong>Sendungsverfolgung in Echtzeit und Sicherheit<\/strong>: Wir verlieren Ihre Sendungen nie aus den Augen und k\u00f6nnen Sie immer auf dem Laufenden halten.<\/li><li><strong>Flexibilit\u00e4t<\/strong>: Egal, ob sich Zeitpl\u00e4ne \u00e4ndern oder Routen angepasst werden m\u00fcssen, wir sind darauf vorbereitet, Ihre Lieferungen <strong>auf Kurs zu halten<\/strong>.<\/li><\/ul>\t\t\t\t\t\t<\/div>\n\t\t\t\t<\/div>\n\t\t\t\t<div class=\"elementor-element elementor-element-2d171be elementor-icon-list--layout-inline elementor-list-item-link-full_width elementor-widget elementor-widget-icon-list\" data-id=\"2d171be\" data-element_type=\"widget\" data-widget_type=\"icon-list.default\">\n\t\t\t\t<div class=\"elementor-widget-container\">\n\t\t\t<link rel=\"stylesheet\" href=\"https:\/\/www.aircargo-transport.eu\/discovery\/wp-content\/plugins\/elementor\/assets\/css\/widget-icon-list.min.css\">\t\t<ul class=\"elementor-icon-list-items elementor-inline-items\">\n\t\t\t\t\t\t\t<li class=\"elementor-icon-list-item elementor-inline-item\">\n\t\t\t\t\t\t\t\t\t\t\t<span class=\"elementor-icon-list-icon\">\n\t\t\t\t\t\t\t<i aria-hidden=\"true\" class=\"fas fa-phone-alt\"><\/i>\t\t\t\t\t\t<\/span>\n\t\t\t\t\t\t\t\t\t\t<span class=\"elementor-icon-list-text\">+49 (0) 28 22 \u2013 981930 <\/span>\n\t\t\t\t\t\t\t\t\t<\/li>\n\t\t\t\t\t\t\t\t<li class=\"elementor-icon-list-item elementor-inline-item\">\n\t\t\t\t\t\t\t\t\t\t\t<span class=\"elementor-icon-list-icon\">\n\t\t\t\t\t\t\t<i aria-hidden=\"true\" class=\"fas fa-envelope\"><\/i>\t\t\t\t\t\t<\/span>\n\t\t\t\t\t\t\t\t\t\t<span class=\"elementor-icon-list-text\">sales@aircargo-transport.eu<\/span>\n\t\t\t\t\t\t\t\t\t<\/li>\n\t\t\t\t\t\t<\/ul>\n\t\t\t\t<\/div>\n\t\t\t\t<\/div>\n\t\t\t\t\t<\/div>\n\t\t<\/div>\n\t\t\t\t\t\t\t<\/div>\n\t\t<\/section>\n\t\t\t\t<section class=\"elementor-section elementor-top-section elementor-element elementor-element-e5a158e elementor-section-boxed elementor-section-height-default elementor-section-height-default\" data-id=\"e5a158e\" data-element_type=\"section\">\n\t\t\t\t\t\t<div class=\"elementor-container elementor-column-gap-default\">\n\t\t\t\t\t<div class=\"elementor-column elementor-col-100 elementor-top-column elementor-element elementor-element-56474f4\" data-id=\"56474f4\" data-element_type=\"column\">\n\t\t\t<div class=\"elementor-widget-wrap elementor-element-populated\">\n\t\t\t\t\t\t\t\t<section class=\"elementor-section elementor-inner-section elementor-element elementor-element-7596e58 elementor-section-boxed elementor-section-height-default elementor-section-height-default\" data-id=\"7596e58\" data-element_type=\"section\">\n\t\t\t\t\t\t<div class=\"elementor-container elementor-column-gap-default\">\n\t\t\t\t\t<div class=\"elementor-column elementor-col-25 elementor-inner-column elementor-element elementor-element-c9012dd elementor-invisible\" data-id=\"c9012dd\" data-element_type=\"column\" data-settings=\"{&quot;animation&quot;:&quot;fadeInUp&quot;}\">\n\t\t\t<div class=\"elementor-widget-wrap elementor-element-populated\">\n\t\t\t\t\t\t\t\t<div class=\"elementor-element elementor-element-f802068 elementor-view-stacked elementor-shape-circle elementor-mobile-position-top elementor-vertical-align-top elementor-widget elementor-widget-icon-box\" data-id=\"f802068\" data-element_type=\"widget\" data-widget_type=\"icon-box.default\">\n\t\t\t\t<div class=\"elementor-widget-container\">\n\t\t\t<link rel=\"stylesheet\" href=\"https:\/\/www.aircargo-transport.eu\/discovery\/wp-content\/plugins\/elementor\/assets\/css\/widget-icon-box.min.css\">\t\t<div class=\"elementor-icon-box-wrapper\">\n\t\t\t\t\t\t<div class=\"elementor-icon-box-icon\">\n\t\t\t\t<span class=\"elementor-icon elementor-animation-\" >\n\t\t\t\t<i aria-hidden=\"true\" class=\"fas fa-check\"><\/i>\t\t\t\t<\/span>\n\t\t\t<\/div>\n\t\t\t\t\t\t<div class=\"elementor-icon-box-content\">\n\t\t\t\t<h3 class=\"elementor-icon-box-title\">\n\t\t\t\t\t<span  >\n\t\t\t\t\t\tVon den deutschen Beh\u00f6rden zugelassenes Luftfahrtunternehmen : DE\/H\/01596-01\t\t\t\t\t<\/span>\n\t\t\t\t<\/h3>\n\t\t\t\t\t\t\t<\/div>\n\t\t<\/div>\n\t\t\t\t<\/div>\n\t\t\t\t<\/div>\n\t\t\t\t\t<\/div>\n\t\t<\/div>\n\t\t\t\t<div class=\"elementor-column elementor-col-25 elementor-inner-column elementor-element elementor-element-ee0e8db elementor-invisible\" data-id=\"ee0e8db\" data-element_type=\"column\" data-settings=\"{&quot;animation&quot;:&quot;fadeInUp&quot;,&quot;animation_delay&quot;:100}\">\n\t\t\t<div class=\"elementor-widget-wrap elementor-element-populated\">\n\t\t\t\t\t\t\t\t<div class=\"elementor-element elementor-element-ec9fbdf elementor-view-stacked elementor-shape-circle elementor-mobile-position-top elementor-vertical-align-top elementor-widget elementor-widget-icon-box\" data-id=\"ec9fbdf\" data-element_type=\"widget\" data-widget_type=\"icon-box.default\">\n\t\t\t\t<div class=\"elementor-widget-container\">\n\t\t\t\t\t<div class=\"elementor-icon-box-wrapper\">\n\t\t\t\t\t\t<div class=\"elementor-icon-box-icon\">\n\t\t\t\t<span class=\"elementor-icon elementor-animation-\" >\n\t\t\t\t<i aria-hidden=\"true\" class=\"fas fa-thumbs-up\"><\/i>\t\t\t\t<\/span>\n\t\t\t<\/div>\n\t\t\t\t\t\t<div class=\"elementor-icon-box-content\">\n\t\t\t\t<h3 class=\"elementor-icon-box-title\">\n\t\t\t\t\t<span  >\n\t\t\t\t\t\t\u00dcber 45 Jahre Erfahrung\t\t\t\t\t<\/span>\n\t\t\t\t<\/h3>\n\t\t\t\t\t\t\t<\/div>\n\t\t<\/div>\n\t\t\t\t<\/div>\n\t\t\t\t<\/div>\n\t\t\t\t\t<\/div>\n\t\t<\/div>\n\t\t\t\t<div class=\"elementor-column elementor-col-25 elementor-inner-column elementor-element elementor-element-80a20b0 elementor-invisible\" data-id=\"80a20b0\" data-element_type=\"column\" data-settings=\"{&quot;animation&quot;:&quot;fadeInUp&quot;,&quot;animation_delay&quot;:200}\">\n\t\t\t<div class=\"elementor-widget-wrap elementor-element-populated\">\n\t\t\t\t\t\t\t\t<div class=\"elementor-element elementor-element-af2a358 elementor-view-stacked elementor-shape-circle elementor-mobile-position-top elementor-vertical-align-top elementor-widget elementor-widget-icon-box\" data-id=\"af2a358\" data-element_type=\"widget\" data-widget_type=\"icon-box.default\">\n\t\t\t\t<div class=\"elementor-widget-container\">\n\t\t\t\t\t<div class=\"elementor-icon-box-wrapper\">\n\t\t\t\t\t\t<div class=\"elementor-icon-box-icon\">\n\t\t\t\t<span class=\"elementor-icon elementor-animation-\" >\n\t\t\t\t<i aria-hidden=\"true\" class=\"fas fa-truck-moving\"><\/i>\t\t\t\t<\/span>\n\t\t\t<\/div>\n\t\t\t\t\t\t<div class=\"elementor-icon-box-content\">\n\t\t\t\t<h3 class=\"elementor-icon-box-title\">\n\t\t\t\t\t<span  >\n\t\t\t\t\t\tSehr moderner (Lkw-)Fuhrpark\t\t\t\t\t<\/span>\n\t\t\t\t<\/h3>\n\t\t\t\t\t\t\t<\/div>\n\t\t<\/div>\n\t\t\t\t<\/div>\n\t\t\t\t<\/div>\n\t\t\t\t\t<\/div>\n\t\t<\/div>\n\t\t\t\t<div class=\"elementor-column elementor-col-25 elementor-inner-column elementor-element elementor-element-c9743bc elementor-invisible\" data-id=\"c9743bc\" data-element_type=\"column\" data-settings=\"{&quot;animation&quot;:&quot;fadeInUp&quot;,&quot;animation_delay&quot;:300}\">\n\t\t\t<div class=\"elementor-widget-wrap elementor-element-populated\">\n\t\t\t\t\t\t\t\t<div class=\"elementor-element elementor-element-57a2c86 elementor-view-stacked elementor-shape-circle elementor-mobile-position-top elementor-vertical-align-top elementor-widget elementor-widget-icon-box\" data-id=\"57a2c86\" data-element_type=\"widget\" data-widget_type=\"icon-box.default\">\n\t\t\t\t<div class=\"elementor-widget-container\">\n\t\t\t\t\t<div class=\"elementor-icon-box-wrapper\">\n\t\t\t\t\t\t<div class=\"elementor-icon-box-icon\">\n\t\t\t\t<span class=\"elementor-icon elementor-animation-\" >\n\t\t\t\t<i aria-hidden=\"true\" class=\"fas fa-globe\"><\/i>\t\t\t\t<\/span>\n\t\t\t<\/div>\n\t\t\t\t\t\t<div class=\"elementor-icon-box-content\">\n\t\t\t\t<h3 class=\"elementor-icon-box-title\">\n\t\t\t\t\t<span  >\n\t\t\t\t\t\tAktiv in ganz Europa<br> (und sogar dar\u00fcber hinaus)\t\t\t\t\t<\/span>\n\t\t\t\t<\/h3>\n\t\t\t\t\t\t\t<\/div>\n\t\t<\/div>\n\t\t\t\t<\/div>\n\t\t\t\t<\/div>\n\t\t\t\t\t<\/div>\n\t\t<\/div>\n\t\t\t\t\t\t\t<\/div>\n\t\t<\/section>\n\t\t\t\t\t<\/div>\n\t\t<\/div>\n\t\t\t\t\t\t\t<\/div>\n\t\t<\/section>\n\t\t\t\t<section class=\"elementor-section elementor-top-section elementor-element elementor-element-a362472 elementor-section-content-middle elementor-section-boxed elementor-section-height-default elementor-section-height-default\" data-id=\"a362472\" data-element_type=\"section\" data-settings=\"{&quot;background_background&quot;:&quot;classic&quot;}\">\n\t\t\t\t\t\t<div class=\"elementor-container elementor-column-gap-default\">\n\t\t\t\t\t<div class=\"elementor-column elementor-col-50 elementor-top-column elementor-element elementor-element-395a1e8\" data-id=\"395a1e8\" data-element_type=\"column\">\n\t\t\t<div class=\"elementor-widget-wrap elementor-element-populated\">\n\t\t\t\t\t\t\t\t<div class=\"elementor-element elementor-element-093b6b2 elementor-widget elementor-widget-text-editor\" data-id=\"093b6b2\" data-element_type=\"widget\" data-widget_type=\"text-editor.default\">\n\t\t\t\t<div class=\"elementor-widget-container\">\n\t\t\t\t\t\t\t<h3>Warum sollten Sie sich f\u00fcr Aircargo Transport entscheiden?<\/h3><ul><li><strong>Hochwertige Tr\u00e4ger: <\/strong>Akribische Aufmerksamkeit f\u00fcr Details und Qualit\u00e4tsstandards<\/li><li><strong>Robustes Netz<\/strong>: Umfassende Routen zu den wichtigsten europ\u00e4ischen Flugh\u00e4fen\u00a0 , darunter Frankfurt, Amsterdam, Leipzig und viele mehr.<\/li><li><strong>Moderne und zuverl\u00e4ssige Flotte<\/strong>: Mit einem Durchschnittsalter von 2,5 Jahren ist unsere Flotte sehr modern.<\/li><li><strong>Fokus auf Sicherheit<\/strong>: Unsere professionellen Fahrer sind f\u00fcr den sorgf\u00e4ltigen Umgang mit <strong>empfindlichen und hochwertigen G\u00fctern<\/strong> geschult.<\/li><\/ul>\t\t\t\t\t\t<\/div>\n\t\t\t\t<\/div>\n\t\t\t\t\t<\/div>\n\t\t<\/div>\n\t\t\t\t<div class=\"elementor-column elementor-col-50 elementor-top-column elementor-element elementor-element-cc5917f\" data-id=\"cc5917f\" data-element_type=\"column\">\n\t\t\t<div class=\"elementor-widget-wrap elementor-element-populated\">\n\t\t\t\t\t\t\t\t<div class=\"elementor-element elementor-element-e3ecae4 elementor-widget elementor-widget-image\" data-id=\"e3ecae4\" data-element_type=\"widget\" data-widget_type=\"image.default\">\n\t\t\t\t<div class=\"elementor-widget-container\">\n\t\t\t\t\t\t\t\t\t\t\t\t\t\t\t<img decoding=\"async\" width=\"800\" height=\"404\" src=\"https:\/\/www.aircargo-transport.eu\/discovery\/wp-content\/uploads\/2025\/01\/why-aircago.webp\" class=\"attachment-large size-large wp-image-828\" alt=\"\" srcset=\"https:\/\/www.aircargo-transport.eu\/discovery\/wp-content\/uploads\/2025\/01\/why-aircago.webp 800w, https:\/\/www.aircargo-transport.eu\/discovery\/wp-content\/uploads\/2025\/01\/why-aircago-768x388.webp 768w\" sizes=\"(max-width: 800px) 100vw, 800px\" \/>\t\t\t\t\t\t\t\t\t\t\t\t\t\t\t<\/div>\n\t\t\t\t<\/div>\n\t\t\t\t\t<\/div>\n\t\t<\/div>\n\t\t\t\t\t\t\t<\/div>\n\t\t<\/section>\n\t\t\t\t<section class=\"elementor-section elementor-top-section elementor-element elementor-element-aa42bf2 elementor-section-full_width elementor-section-height-default elementor-section-height-default\" data-id=\"aa42bf2\" data-element_type=\"section\">\n\t\t\t\t\t\t<div class=\"elementor-container elementor-column-gap-no\">\n\t\t\t\t\t<div class=\"elementor-column elementor-col-100 elementor-top-column elementor-element elementor-element-bd2c1c8\" data-id=\"bd2c1c8\" data-element_type=\"column\">\n\t\t\t<div class=\"elementor-widget-wrap elementor-element-populated\">\n\t\t\t\t\t\t\t\t<div class=\"elementor-element elementor-element-3538c84 elementor-cta--skin-cover elementor-animated-content elementor-bg-transform elementor-bg-transform-zoom-in elementor-widget elementor-widget-call-to-action\" data-id=\"3538c84\" data-element_type=\"widget\" data-widget_type=\"call-to-action.default\">\n\t\t\t\t<div class=\"elementor-widget-container\">\n\t\t\t<link rel=\"stylesheet\" href=\"https:\/\/www.aircargo-transport.eu\/discovery\/wp-content\/plugins\/elementor-pro\/assets\/css\/widget-call-to-action.min.css\">\t\t<div class=\"elementor-cta\">\n\t\t\t\t\t<div class=\"elementor-cta__bg-wrapper\">\n\t\t\t\t<div class=\"elementor-cta__bg elementor-bg\" style=\"background-image: url(https:\/\/www.aircargo-transport.eu\/discovery\/wp-content\/uploads\/2025\/01\/pexels-10-star-321296-914682-ret.jpg);\"><\/div>\n\t\t\t\t<div class=\"elementor-cta__bg-overlay\"><\/div>\n\t\t\t<\/div>\n\t\t\t\t\t\t\t<div class=\"elementor-cta__content\">\n\t\t\t\t\n\t\t\t\t<h2 class=\"elementor-cta__title elementor-cta__content-item elementor-content-item elementor-animated-item--grow\">Nachhaltige L\u00f6sungen f\u00fcr eine gr\u00fcnere Lieferkette<\/h2>\n\t\t\t\t\t\t\t\t\t<div class=\"elementor-cta__description elementor-cta__content-item elementor-content-item elementor-animated-item--grow\">\n\t\t\t\t\t\tWir haben uns verpflichtet, die Auswirkungen auf die Umwelt zu minimieren. Mit HVO100 Biokraftstoff als schadstoffarme Alternative<br> und kontinuierlicher Routenoptimierung zur Reduzierung des Kraftstoffverbrauchs unterst\u00fctzen wir Ihre Nachhaltigkeitsziele.\t\t\t\t\t<\/div>\n\t\t\t\t\n\t\t\t\t\t\t\t\t\t<div class=\"elementor-cta__button-wrapper elementor-cta__content-item elementor-content-item elementor-animated-item--grow\">\n\t\t\t\t\t<a class=\"elementor-cta__button elementor-button elementor-size-sm\" href=\"\/discovery\/nachhaltigkeit\/\">\n\t\t\t\t\t\tNachhaltigkeit bei Aircargo Transport \t\t\t\t\t<\/a>\n\t\t\t\t\t<\/div>\n\t\t\t\t\t\t\t<\/div>\n\t\t\t\t\t\t<\/div>\n\t\t\t\t<\/div>\n\t\t\t\t<\/div>\n\t\t\t\t\t<\/div>\n\t\t<\/div>\n\t\t\t\t\t\t\t<\/div>\n\t\t<\/section>\n\t\t\t\t<section class=\"elementor-section elementor-top-section elementor-element elementor-element-e78ac9d elementor-section-boxed elementor-section-height-default elementor-section-height-default\" data-id=\"e78ac9d\" data-element_type=\"section\" data-settings=\"{&quot;background_background&quot;:&quot;classic&quot;}\">\n\t\t\t\t\t\t<div class=\"elementor-container elementor-column-gap-default\">\n\t\t\t\t\t<div class=\"elementor-column elementor-col-100 elementor-top-column elementor-element elementor-element-e4dba41\" data-id=\"e4dba41\" data-element_type=\"column\">\n\t\t\t<div class=\"elementor-widget-wrap elementor-element-populated\">\n\t\t\t\t\t\t\t\t<div class=\"elementor-element elementor-element-11e7c02 elementor-invisible elementor-widget elementor-widget-image\" data-id=\"11e7c02\" data-element_type=\"widget\" data-settings=\"{&quot;_animation&quot;:&quot;slideInRight&quot;}\" data-widget_type=\"image.default\">\n\t\t\t\t<div class=\"elementor-widget-container\">\n\t\t\t\t\t\t\t\t\t\t\t\t\t\t\t<img decoding=\"async\" width=\"1024\" height=\"90\" src=\"https:\/\/www.aircargo-transport.eu\/discovery\/wp-content\/uploads\/2017\/12\/divider_service_sprechblasen-1024x90.png\" class=\"attachment-large size-large wp-image-92\" alt=\"\" srcset=\"https:\/\/www.aircargo-transport.eu\/discovery\/wp-content\/uploads\/2017\/12\/divider_service_sprechblasen-1024x90.png 1024w, https:\/\/www.aircargo-transport.eu\/discovery\/wp-content\/uploads\/2017\/12\/divider_service_sprechblasen-300x26.png 300w, https:\/\/www.aircargo-transport.eu\/discovery\/wp-content\/uploads\/2017\/12\/divider_service_sprechblasen-768x68.png 768w, https:\/\/www.aircargo-transport.eu\/discovery\/wp-content\/uploads\/2017\/12\/divider_service_sprechblasen-260x23.png 260w, https:\/\/www.aircargo-transport.eu\/discovery\/wp-content\/uploads\/2017\/12\/divider_service_sprechblasen-50x4.png 50w, https:\/\/www.aircargo-transport.eu\/discovery\/wp-content\/uploads\/2017\/12\/divider_service_sprechblasen-150x13.png 150w, https:\/\/www.aircargo-transport.eu\/discovery\/wp-content\/uploads\/2017\/12\/divider_service_sprechblasen.png 1091w\" sizes=\"(max-width: 1024px) 100vw, 1024px\" \/>\t\t\t\t\t\t\t\t\t\t\t\t\t\t\t<\/div>\n\t\t\t\t<\/div>\n\t\t\t\t<section class=\"elementor-section elementor-inner-section elementor-element elementor-element-8ce7d6f elementor-section-boxed elementor-section-height-default elementor-section-height-default\" data-id=\"8ce7d6f\" data-element_type=\"section\">\n\t\t\t\t\t\t<div class=\"elementor-container elementor-column-gap-default\">\n\t\t\t\t\t<div class=\"elementor-column elementor-col-50 elementor-inner-column elementor-element elementor-element-66dedbf\" data-id=\"66dedbf\" data-element_type=\"column\">\n\t\t\t<div class=\"elementor-widget-wrap elementor-element-populated\">\n\t\t\t\t\t\t\t\t<div class=\"elementor-element elementor-element-9ce828e elementor-widget elementor-widget-image\" data-id=\"9ce828e\" data-element_type=\"widget\" data-widget_type=\"image.default\">\n\t\t\t\t<div class=\"elementor-widget-container\">\n\t\t\t\t\t\t\t\t\t\t\t\t\t\t\t<img decoding=\"async\" width=\"800\" height=\"404\" src=\"https:\/\/www.aircargo-transport.eu\/discovery\/wp-content\/uploads\/2025\/02\/call-to-action-aircargo-building.webp\" class=\"attachment-large size-large wp-image-1391\" alt=\"\" srcset=\"https:\/\/www.aircargo-transport.eu\/discovery\/wp-content\/uploads\/2025\/02\/call-to-action-aircargo-building.webp 800w, https:\/\/www.aircargo-transport.eu\/discovery\/wp-content\/uploads\/2025\/02\/call-to-action-aircargo-building-768x388.webp 768w\" sizes=\"(max-width: 800px) 100vw, 800px\" \/>\t\t\t\t\t\t\t\t\t\t\t\t\t\t\t<\/div>\n\t\t\t\t<\/div>\n\t\t\t\t\t<\/div>\n\t\t<\/div>\n\t\t\t\t<div class=\"elementor-column elementor-col-50 elementor-inner-column elementor-element elementor-element-1ce2d1c\" data-id=\"1ce2d1c\" data-element_type=\"column\">\n\t\t\t<div class=\"elementor-widget-wrap elementor-element-populated\">\n\t\t\t\t\t\t\t\t<div class=\"elementor-element elementor-element-c394a48 elementor-widget elementor-widget-text-editor\" data-id=\"c394a48\" data-element_type=\"widget\" data-widget_type=\"text-editor.default\">\n\t\t\t\t<div class=\"elementor-widget-container\">\n\t\t\t\t\t\t\t<h3>Lassen Sie uns \u00fcber Ihren Eiltransportbedarf sprechen<\/h3><p>Ob es sich um eine einmalige Lieferung oder einen laufenden Bedarf handelt, wir bieten flexible L\u00f6sungen, die auf Ihre spezifischen Bed\u00fcrfnisse zugeschnitten sind. Wenden Sie sich noch heute an unser Team, um Ihre Logistikabl\u00e4ufe zu optimieren und sicherzustellen, dass Ihre Spezialtransporte sicher und p\u00fcnktlich ankommen.<\/p>\t\t\t\t\t\t<\/div>\n\t\t\t\t<\/div>\n\t\t\t\t<div class=\"elementor-element elementor-element-ff6e3c4 elementor-icon-list--layout-inline elementor-list-item-link-full_width elementor-widget elementor-widget-icon-list\" data-id=\"ff6e3c4\" data-element_type=\"widget\" data-widget_type=\"icon-list.default\">\n\t\t\t\t<div class=\"elementor-widget-container\">\n\t\t\t\t\t<ul class=\"elementor-icon-list-items elementor-inline-items\">\n\t\t\t\t\t\t\t<li class=\"elementor-icon-list-item elementor-inline-item\">\n\t\t\t\t\t\t\t\t\t\t\t<span class=\"elementor-icon-list-icon\">\n\t\t\t\t\t\t\t<i aria-hidden=\"true\" class=\"fas fa-phone-alt\"><\/i>\t\t\t\t\t\t<\/span>\n\t\t\t\t\t\t\t\t\t\t<span class=\"elementor-icon-list-text\">+49 (0) 28 22 \u2013 981930 <\/span>\n\t\t\t\t\t\t\t\t\t<\/li>\n\t\t\t\t\t\t\t\t<li class=\"elementor-icon-list-item elementor-inline-item\">\n\t\t\t\t\t\t\t\t\t\t\t<span class=\"elementor-icon-list-icon\">\n\t\t\t\t\t\t\t<i aria-hidden=\"true\" class=\"fas fa-envelope\"><\/i>\t\t\t\t\t\t<\/span>\n\t\t\t\t\t\t\t\t\t\t<span class=\"elementor-icon-list-text\">sales@aircargo-transport.eu<\/span>\n\t\t\t\t\t\t\t\t\t<\/li>\n\t\t\t\t\t\t<\/ul>\n\t\t\t\t<\/div>\n\t\t\t\t<\/div>\n\t\t\t\t\t<\/div>\n\t\t<\/div>\n\t\t\t\t\t\t\t<\/div>\n\t\t<\/section>\n\t\t\t\t\t<\/div>\n\t\t<\/div>\n\t\t\t\t\t\t\t<\/div>\n\t\t<\/section>\n\t\t\t\t\t\t\t<\/div>\n\t\t","protected":false},"excerpt":{"rendered":"<p>Eiltransporte \/ Spezialtransporte Zuverl\u00e4ssige und erfahrene Eiltransportdienste Haben Sie eine Sendung, die aufgrund von Gr\u00f6\u00dfe, Gewicht oder einer bestimmten Art der Ladungssicherung nicht unter \u201enormalen\u201c Umst\u00e4nden transportiert werden kann? Oder ben\u00f6tigen Sie eine kurzfristige Lieferung? Kein Problem f\u00fcr Aircargo Transport! Noch besser: Wir haben umfangreiche Erfahrungen sowohl mit Eiltransporten als auch mit Spezialtransporten. Von Flugzeugtriebwerken [&hellip;]<\/p>\n","protected":false},"author":1,"featured_media":0,"parent":0,"menu_order":0,"comment_status":"closed","ping_status":"closed","template":"","meta":{"footnotes":""},"_links":{"self":[{"href":"https:\/\/www.aircargo-transport.eu\/discovery\/wp-json\/wp\/v2\/pages\/1559"}],"collection":[{"href":"https:\/\/www.aircargo-transport.eu\/discovery\/wp-json\/wp\/v2\/pages"}],"about":[{"href":"https:\/\/www.aircargo-transport.eu\/discovery\/wp-json\/wp\/v2\/types\/page"}],"author":[{"embeddable":true,"href":"https:\/\/www.aircargo-transport.eu\/discovery\/wp-json\/wp\/v2\/users\/1"}],"replies":[{"embeddable":true,"href":"https:\/\/www.aircargo-transport.eu\/discovery\/wp-json\/wp\/v2\/comments?post=1559"}],"version-history":[{"count":4,"href":"https:\/\/www.aircargo-transport.eu\/discovery\/wp-json\/wp\/v2\/pages\/1559\/revisions"}],"predecessor-version":[{"id":1563,"href":"https:\/\/www.aircargo-transport.eu\/discovery\/wp-json\/wp\/v2\/pages\/1559\/revisions\/1563"}],"wp:attachment":[{"href":"https:\/\/www.aircargo-transport.eu\/discovery\/wp-json\/wp\/v2\/media?parent=1559"}],"curies":[{"name":"wp","href":"https:\/\/api.w.org\/{rel}","templated":true}]}}