{"id":1717,"date":"2025-03-19T15:39:48","date_gmt":"2025-03-19T15:39:48","guid":{"rendered":"https:\/\/www.aircargo-transport.eu\/discovery\/?page_id=1717"},"modified":"2025-03-19T15:40:52","modified_gmt":"2025-03-19T15:40:52","slug":"vaclav-havel-flughafen-prag","status":"publish","type":"page","link":"https:\/\/www.aircargo-transport.eu\/discovery\/vaclav-havel-flughafen-prag\/","title":{"rendered":"V\u00e1clav-Havel-Flughafen Prag"},"content":{"rendered":"\t\t<div data-elementor-type=\"wp-page\" data-elementor-id=\"1717\" class=\"elementor elementor-1717\">\n\t\t\t\t\t\t\t\t\t<section class=\"elementor-section elementor-top-section elementor-element elementor-element-573843c elementor-section-full_width elementor-section-height-min-height elementor-section-height-default elementor-section-items-middle\" data-id=\"573843c\" data-element_type=\"section\" data-settings=\"{&quot;background_background&quot;:&quot;classic&quot;}\">\n\t\t\t\t\t\t\t<div class=\"elementor-background-overlay\"><\/div>\n\t\t\t\t\t\t\t<div class=\"elementor-container elementor-column-gap-no\">\n\t\t\t\t\t<div class=\"elementor-column elementor-col-100 elementor-top-column elementor-element elementor-element-a45bc83\" data-id=\"a45bc83\" data-element_type=\"column\">\n\t\t\t<div class=\"elementor-widget-wrap\">\n\t\t\t\t\t\t\t\t\t<\/div>\n\t\t<\/div>\n\t\t\t\t\t\t\t<\/div>\n\t\t<\/section>\n\t\t\t\t<section class=\"elementor-section elementor-top-section elementor-element elementor-element-aeab659 elementor-section-boxed elementor-section-height-default elementor-section-height-default\" data-id=\"aeab659\" data-element_type=\"section\">\n\t\t\t\t\t\t<div class=\"elementor-container elementor-column-gap-default\">\n\t\t\t\t\t<div class=\"elementor-column elementor-col-100 elementor-top-column elementor-element elementor-element-95e00f0\" data-id=\"95e00f0\" data-element_type=\"column\">\n\t\t\t<div class=\"elementor-widget-wrap elementor-element-populated\">\n\t\t\t\t\t\t\t\t<div class=\"elementor-element elementor-element-aeba6b2 elementor-widget elementor-widget-heading\" data-id=\"aeba6b2\" data-element_type=\"widget\" data-widget_type=\"heading.default\">\n\t\t\t\t<div class=\"elementor-widget-container\">\n\t\t\t<style>\/*! elementor - v3.13.3 - 28-05-2023 *\/\n.elementor-heading-title{padding:0;margin:0;line-height:1}.elementor-widget-heading .elementor-heading-title[class*=elementor-size-]>a{color:inherit;font-size:inherit;line-height:inherit}.elementor-widget-heading .elementor-heading-title.elementor-size-small{font-size:15px}.elementor-widget-heading .elementor-heading-title.elementor-size-medium{font-size:19px}.elementor-widget-heading .elementor-heading-title.elementor-size-large{font-size:29px}.elementor-widget-heading .elementor-heading-title.elementor-size-xl{font-size:39px}.elementor-widget-heading .elementor-heading-title.elementor-size-xxl{font-size:59px}<\/style><h1 class=\"elementor-heading-title elementor-size-default\">Frachttransporte vom und zum V\u00e1clav-Havel-Flughafen Prag (PRG)<\/h1>\t\t<\/div>\n\t\t\t\t<\/div>\n\t\t\t\t<div class=\"elementor-element elementor-element-3a99ac0 elementor-widget elementor-widget-text-editor\" data-id=\"3a99ac0\" data-element_type=\"widget\" data-widget_type=\"text-editor.default\">\n\t\t\t\t<div class=\"elementor-widget-container\">\n\t\t\t<style>\/*! elementor - v3.13.3 - 28-05-2023 *\/\n.elementor-widget-text-editor.elementor-drop-cap-view-stacked .elementor-drop-cap{background-color:#69727d;color:#fff}.elementor-widget-text-editor.elementor-drop-cap-view-framed .elementor-drop-cap{color:#69727d;border:3px solid;background-color:transparent}.elementor-widget-text-editor:not(.elementor-drop-cap-view-default) .elementor-drop-cap{margin-top:8px}.elementor-widget-text-editor:not(.elementor-drop-cap-view-default) .elementor-drop-cap-letter{width:1em;height:1em}.elementor-widget-text-editor .elementor-drop-cap{float:left;text-align:center;line-height:1;font-size:50px}.elementor-widget-text-editor .elementor-drop-cap-letter{display:inline-block}<\/style>\t\t\t\t<p>Der V\u00e1clav-Havel-Flughafen Prag (PRG) ist ein wichtiges Logistikzentrum im Herzen Mitteleuropas. Aufgrund seiner strategischen Lage zwischen West- und Osteuropa spielt er eine wichtige Rolle bei der Erleichterung effizienter G\u00fcterverkehrsdienste. Mit seiner modernen Infrastruktur, den umfangreichen Flugverbindungen und der N\u00e4he zu wichtigen Industriezentren ist der V\u00e1clav-Havel-Flughafen Prag ein wichtiges Tor f\u00fcr Unternehmen mit Verbindungen zu europ\u00e4ischen und globalen M\u00e4rkten.<\/p><p><strong>Aircargo Transport bietet zuverl\u00e4ssige, effiziente und nachhaltige Frachtl\u00f6sungen, die den V\u00e1clav-Havel-Flughafen Prag (PRG) mit den wichtigsten Zielen in ganz Europa verbinden.<\/strong> Ganz gleich, ob Sie einen nahtlosen Transport vom Lagerhaus zum Flughafen, vom Flughafen zum Lagerhaus oder vom Flughafen zum Flughafen ben\u00f6tigen, unsere Dienstleistungen sind auf Ihre speziellen Bed\u00fcrfnisse zugeschnitten.<\/p>\t\t\t\t\t\t<\/div>\n\t\t\t\t<\/div>\n\t\t\t\t<div class=\"elementor-element elementor-element-e6c574f elementor-widget elementor-widget-text-editor\" data-id=\"e6c574f\" data-element_type=\"widget\" data-widget_type=\"text-editor.default\">\n\t\t\t\t<div class=\"elementor-widget-container\">\n\t\t\t\t\t\t\t<h3>Warum sollten Sie sich f\u00fcr Aircargo Transport f\u00fcr den Flughafen V\u00e1clav Havel Prag entscheiden?<\/h3><ul><li>Strategische Lage an der Kreuzung von Europa, die schnelle und zuverl\u00e4ssige Verbindungen gew\u00e4hrleistet.<\/li><li>Umfassende Transportl\u00f6sungen f\u00fcr alle Arten von G\u00fctern einschlie\u00dflich Arzneimitteln, Gefahrgut und temperaturgef\u00fchrten Sendungen.<\/li><li>Ein erfahrenes Team von Berufskraftfahrern und eine kompetente Planungsabteilung, die f\u00fcr einen reibungslosen, p\u00fcnktlichen und sicheren Ablauf sorgen. Unsere Fahrer sind f\u00fcr den Umgang mit Spezialfracht geschult und unsere Planer arbeiten rund um die Uhr an der Optimierung der Routen und der Minimierung der Transitzeiten.<\/li><li>Flexible Optionen f\u00fcr eine nachhaltige Logistik einschlie\u00dflich der Verwendung von HVO100-Biokraftstoff auf Anfrage, die es Ihnen erm\u00f6glichen, Ihren CO2-Fu\u00dfabdruck zu reduzieren und gleichzeitig die betriebliche Effizienz zu erhalten.<\/li><\/ul>\t\t\t\t\t\t<\/div>\n\t\t\t\t<\/div>\n\t\t\t\t<div class=\"elementor-element elementor-element-e3d33ce elementor-invisible elementor-widget elementor-widget-image\" data-id=\"e3d33ce\" data-element_type=\"widget\" data-settings=\"{&quot;_animation&quot;:&quot;slideInLeft&quot;}\" data-widget_type=\"image.default\">\n\t\t\t\t<div class=\"elementor-widget-container\">\n\t\t\t<style>\/*! elementor - v3.13.3 - 28-05-2023 *\/\n.elementor-widget-image{text-align:center}.elementor-widget-image a{display:inline-block}.elementor-widget-image a img[src$=\".svg\"]{width:48px}.elementor-widget-image img{vertical-align:middle;display:inline-block}<\/style>\t\t\t\t\t\t\t\t\t\t\t\t<img decoding=\"async\" width=\"1024\" height=\"90\" src=\"https:\/\/www.aircargo-transport.eu\/discovery\/wp-content\/uploads\/2017\/12\/divider_fuhrpark_aircargo-1024x90.png\" class=\"attachment-large size-large wp-image-64\" alt=\"\" srcset=\"https:\/\/www.aircargo-transport.eu\/discovery\/wp-content\/uploads\/2017\/12\/divider_fuhrpark_aircargo-1024x90.png 1024w, https:\/\/www.aircargo-transport.eu\/discovery\/wp-content\/uploads\/2017\/12\/divider_fuhrpark_aircargo-300x26.png 300w, https:\/\/www.aircargo-transport.eu\/discovery\/wp-content\/uploads\/2017\/12\/divider_fuhrpark_aircargo-768x68.png 768w, https:\/\/www.aircargo-transport.eu\/discovery\/wp-content\/uploads\/2017\/12\/divider_fuhrpark_aircargo-260x23.png 260w, https:\/\/www.aircargo-transport.eu\/discovery\/wp-content\/uploads\/2017\/12\/divider_fuhrpark_aircargo-50x4.png 50w, https:\/\/www.aircargo-transport.eu\/discovery\/wp-content\/uploads\/2017\/12\/divider_fuhrpark_aircargo-150x13.png 150w, https:\/\/www.aircargo-transport.eu\/discovery\/wp-content\/uploads\/2017\/12\/divider_fuhrpark_aircargo.png 1091w\" sizes=\"(max-width: 1024px) 100vw, 1024px\" \/>\t\t\t\t\t\t\t\t\t\t\t\t\t\t\t<\/div>\n\t\t\t\t<\/div>\n\t\t\t\t<div class=\"elementor-element elementor-element-aabe9e8 elementor-widget elementor-widget-image\" data-id=\"aabe9e8\" data-element_type=\"widget\" data-widget_type=\"image.default\">\n\t\t\t\t<div class=\"elementor-widget-container\">\n\t\t\t\t\t\t\t\t\t\t\t\t\t\t\t<img decoding=\"async\" width=\"1900\" height=\"267\" src=\"https:\/\/www.aircargo-transport.eu\/discovery\/wp-content\/uploads\/2025\/01\/divider-images-aircargo.png\" class=\"attachment-large size-large wp-image-783\" alt=\"\" srcset=\"https:\/\/www.aircargo-transport.eu\/discovery\/wp-content\/uploads\/2025\/01\/divider-images-aircargo.png 1900w, https:\/\/www.aircargo-transport.eu\/discovery\/wp-content\/uploads\/2025\/01\/divider-images-aircargo-768x108.png 768w, https:\/\/www.aircargo-transport.eu\/discovery\/wp-content\/uploads\/2025\/01\/divider-images-aircargo-1536x216.png 1536w\" sizes=\"(max-width: 1900px) 100vw, 1900px\" \/>\t\t\t\t\t\t\t\t\t\t\t\t\t\t\t<\/div>\n\t\t\t\t<\/div>\n\t\t\t\t\t<\/div>\n\t\t<\/div>\n\t\t\t\t\t\t\t<\/div>\n\t\t<\/section>\n\t\t\t\t<section class=\"elementor-section elementor-top-section elementor-element elementor-element-d0c1fce elementor-section-boxed elementor-section-height-default elementor-section-height-default\" data-id=\"d0c1fce\" data-element_type=\"section\">\n\t\t\t\t\t\t<div class=\"elementor-container elementor-column-gap-default\">\n\t\t\t\t\t<div class=\"elementor-column elementor-col-33 elementor-top-column elementor-element elementor-element-28c3fe02\" data-id=\"28c3fe02\" data-element_type=\"column\">\n\t\t\t<div class=\"elementor-widget-wrap elementor-element-populated\">\n\t\t\t\t\t\t\t\t<div class=\"elementor-element elementor-element-23f7cfaa elementor-invisible elementor-widget elementor-widget-heading\" data-id=\"23f7cfaa\" data-element_type=\"widget\" data-settings=\"{&quot;_animation&quot;:&quot;fadeInLeft&quot;}\" data-widget_type=\"heading.default\">\n\t\t\t\t<div class=\"elementor-widget-container\">\n\t\t\t<h2 class=\"elementor-heading-title elementor-size-default\">UNSERE DIENSTLEISTUNGEN AM FLUGHAFEN PRAG<\/h2>\t\t<\/div>\n\t\t\t\t<\/div>\n\t\t\t\t<div class=\"elementor-element elementor-element-49b0b0f1 elementor-widget elementor-widget-text-editor\" data-id=\"49b0b0f1\" data-element_type=\"widget\" data-widget_type=\"text-editor.default\">\n\t\t\t\t<div class=\"elementor-widget-container\">\n\t\t\t\t\t\t\t<p>Aircargo Transport verf\u00fcgt \u00fcber mehr als 45 Jahre Erfahrung \u2013 einzigartig in der Luftfrachttransportbranche. Ihre Waren sind in guten H\u00e4nden. Neben der zuverl\u00e4ssigen Bef\u00f6rderung von A nach B k\u00f6nnen Sie auch bei unseren \u201eMehrwertdienstleistungen\u201c auf uns z\u00e4hlen. Was soll das bedeuten? Wir k\u00f6nnen Ihnen wichtige Echtzeit-Informationen \u00fcber unsere Fahrzeuge und deren Standort rund um die Uhr ( ) zur Verf\u00fcgung stellen. Mit modernen Ger\u00e4ten k\u00f6nnen wir statische Informationen in dynamische Informationen umwandeln. Auf der Grundlage dieser Daten &nbsp;&nbsp;k\u00f6nnen wir die Ankunftszeit Ihrer Fracht auf die Minute genau absch\u00e4tzen. Diese \u201eVoraussichtliche Ankunftszeit\u201c wird st\u00e4ndig aktualisiert, damit Sie als Kunde wissen, wo Sie stehen. Wir sind gerne bereit, Ihnen zu helfen und Ihnen den besten und zuverl\u00e4ssigsten Trucking-Service zu bieten.<\/p>\t\t\t\t\t\t<\/div>\n\t\t\t\t<\/div>\n\t\t\t\t\t<\/div>\n\t\t<\/div>\n\t\t\t\t<div class=\"elementor-column elementor-col-66 elementor-top-column elementor-element elementor-element-1e620e\" data-id=\"1e620e\" data-element_type=\"column\">\n\t\t\t<div class=\"elementor-widget-wrap elementor-element-populated\">\n\t\t\t\t\t\t\t\t<section class=\"elementor-section elementor-inner-section elementor-element elementor-element-5a89e3fb elementor-section-boxed elementor-section-height-default elementor-section-height-default\" data-id=\"5a89e3fb\" data-element_type=\"section\">\n\t\t\t\t\t\t<div class=\"elementor-container elementor-column-gap-default\">\n\t\t\t\t\t<div class=\"elementor-column elementor-col-50 elementor-inner-column elementor-element elementor-element-5339c164\" data-id=\"5339c164\" data-element_type=\"column\">\n\t\t\t<div class=\"elementor-widget-wrap elementor-element-populated\">\n\t\t\t\t\t\t\t\t<div class=\"elementor-element elementor-element-7f5bca39 elementor-widget elementor-widget-text-editor\" data-id=\"7f5bca39\" data-element_type=\"widget\" data-widget_type=\"text-editor.default\">\n\t\t\t\t<div class=\"elementor-widget-container\">\n\t\t\t\t\t\t\t<p><a href=\"\/discovery\/de\/roadfeeder-service-de\/\"><strong>Road Feeder Services<\/strong><\/a><br \/>Ein effizienter Stra\u00dfentransport verbindet Flugh\u00e4fen, Lagerh\u00e4user und Drehkreuze und sorgt f\u00fcr eine reibungslose Logistik, wenn der Lufttransport allein nicht ausreicht.<\/p>\t\t\t\t\t\t<\/div>\n\t\t\t\t<\/div>\n\t\t\t\t<div class=\"elementor-element elementor-element-6e54dd64 elementor-widget elementor-widget-text-editor\" data-id=\"6e54dd64\" data-element_type=\"widget\" data-widget_type=\"text-editor.default\">\n\t\t\t\t<div class=\"elementor-widget-container\">\n\t\t\t\t\t\t\t<p><strong><a href=\"\/discovery\/de\/arzneimitteltransporte\/\">Arzneimitteltransporte (GDP)<\/a><\/strong><br \/>Temperaturgef\u00fchrter Transport mit sicherer Handhabung, der die Einhaltung der GDP-Normen f\u00fcr optimale Produktsicherheit gew\u00e4hrleistet.<\/p>\t\t\t\t\t\t<\/div>\n\t\t\t\t<\/div>\n\t\t\t\t<div class=\"elementor-element elementor-element-284cc717 elementor-widget elementor-widget-text-editor\" data-id=\"284cc717\" data-element_type=\"widget\" data-widget_type=\"text-editor.default\">\n\t\t\t\t<div class=\"elementor-widget-container\">\n\t\t\t\t\t\t\t<p><a href=\"\/discovery\/de\/gefahrguttransport\/\"><strong>Gef\u00e4hrliche G\u00fcter (ADR-Klasse 1.4)<\/strong><\/a><br \/>Sicherer und vorschriftsm\u00e4\u00dfiger Transport von Gefahrgut gem\u00e4\u00df den Vorschriften der ADR-Klasse 1.4 f\u00fcr sichere Handhabung und Lieferung.<\/p>\t\t\t\t\t\t<\/div>\n\t\t\t\t<\/div>\n\t\t\t\t<div class=\"elementor-element elementor-element-2733c2d elementor-widget elementor-widget-text-editor\" data-id=\"2733c2d\" data-element_type=\"widget\" data-widget_type=\"text-editor.default\">\n\t\t\t\t<div class=\"elementor-widget-container\">\n\t\t\t\t\t\t\t<p><a href=\"\/discovery\/de\/eiltransporte-spezialtransporte\/\"><strong>Dringende Transporte \/ Sonderdienste<\/strong><\/a><br \/>Unsere qualifizierten Fahrer verf\u00fcgen \u00fcber die Erfahrung und das Know-how f\u00fcr Spezialtransporte. Die M\u00f6glichkeiten sind endlos.<\/p>\t\t\t\t\t\t<\/div>\n\t\t\t\t<\/div>\n\t\t\t\t\t<\/div>\n\t\t<\/div>\n\t\t\t\t<div class=\"elementor-column elementor-col-50 elementor-inner-column elementor-element elementor-element-6e73477a\" data-id=\"6e73477a\" data-element_type=\"column\">\n\t\t\t<div class=\"elementor-widget-wrap elementor-element-populated\">\n\t\t\t\t\t\t\t\t<div class=\"elementor-element elementor-element-4e58a9fc elementor-widget elementor-widget-text-editor\" data-id=\"4e58a9fc\" data-element_type=\"widget\" data-widget_type=\"text-editor.default\">\n\t\t\t\t<div class=\"elementor-widget-container\">\n\t\t\t\t\t\t\t<p><a href=\"\/discovery\/de\/hochwertige-transporte\/\"><strong>Hochwertige Transporte (TAPA TSR)<\/strong><\/a><br \/>Sicherer Transport nach TAPA TSR-Standards, um maximalen Schutz vor Diebstahl und Besch\u00e4digung w\u00e4hrend der gesamten Reise zu gew\u00e4hrleisten.<\/p>\t\t\t\t\t\t<\/div>\n\t\t\t\t<\/div>\n\t\t\t\t<div class=\"elementor-element elementor-element-47af05f2 elementor-widget elementor-widget-text-editor\" data-id=\"47af05f2\" data-element_type=\"widget\" data-widget_type=\"text-editor.default\">\n\t\t\t\t<div class=\"elementor-widget-container\">\n\t\t\t\t\t\t\t<p><a href=\"\/discovery\/de\/temperaturgefuehrte-transporte\/\"><strong>Transporte mit kontrollierter Temperatur<\/strong><\/a><br \/>Zuverl\u00e4ssiger Transport mit konstanter Temperaturkontrolle, der optimale Bedingungen f\u00fcr empfindliche und verderbliche Waren bietet.<\/p>\t\t\t\t\t\t<\/div>\n\t\t\t\t<\/div>\n\t\t\t\t<div class=\"elementor-element elementor-element-1831f2d elementor-widget elementor-widget-text-editor\" data-id=\"1831f2d\" data-element_type=\"widget\" data-widget_type=\"text-editor.default\">\n\t\t\t\t<div class=\"elementor-widget-container\">\n\t\t\t\t\t\t\t<p><a href=\"\/discovery\/de\/nachhaltige-transporte\/\"><strong>Nachhaltige Transporte (HVO100)<\/strong><\/a><br \/>Emissionsarmer Transport mit dem Biokraftstoff HVO100, der Emissionen reduziert und nachhaltige Logistikl\u00f6sungen unterst\u00fctzt.<\/p>\t\t\t\t\t\t<\/div>\n\t\t\t\t<\/div>\n\t\t\t\t<div class=\"elementor-element elementor-element-291cf689 elementor-widget elementor-widget-text-editor\" data-id=\"291cf689\" data-element_type=\"widget\" data-widget_type=\"text-editor.default\">\n\t\t\t\t<div class=\"elementor-widget-container\">\n\t\t\t\t\t\t\t<p><a href=\"\/discovery\/de\/linienverkehrdienste\/\"><strong>Linienverkehr<\/strong><\/a><br \/>Effizienter und zuverl\u00e4ssiger Langstreckentransport, der wichtige Drehkreuze miteinander verbindet, um eine reibungslose, konsistente Lieferung \u00fcber Regionen hinweg zu gew\u00e4hrleisten.<\/p>\t\t\t\t\t\t<\/div>\n\t\t\t\t<\/div>\n\t\t\t\t\t<\/div>\n\t\t<\/div>\n\t\t\t\t\t\t\t<\/div>\n\t\t<\/section>\n\t\t\t\t\t<\/div>\n\t\t<\/div>\n\t\t\t\t\t\t\t<\/div>\n\t\t<\/section>\n\t\t\t\t<section class=\"elementor-section elementor-top-section elementor-element elementor-element-c961f68 elementor-section-content-middle elementor-section-boxed elementor-section-height-default elementor-section-height-default\" data-id=\"c961f68\" data-element_type=\"section\" data-settings=\"{&quot;background_background&quot;:&quot;classic&quot;}\">\n\t\t\t\t\t\t<div class=\"elementor-container elementor-column-gap-default\">\n\t\t\t\t\t<div class=\"elementor-column elementor-col-50 elementor-top-column elementor-element elementor-element-cc42ec7\" data-id=\"cc42ec7\" data-element_type=\"column\">\n\t\t\t<div class=\"elementor-widget-wrap elementor-element-populated\">\n\t\t\t\t\t\t\t\t<div class=\"elementor-element elementor-element-299f28f5 elementor-widget elementor-widget-text-editor\" data-id=\"299f28f5\" data-element_type=\"widget\" data-widget_type=\"text-editor.default\">\n\t\t\t\t<div class=\"elementor-widget-container\">\n\t\t\t\t\t\t\t<h3>Vertrauen bei Branchenf\u00fchrern<\/h3><p>Unsere nachgewiesene Erfolgsbilanz bei der Verwaltung von Frachtvorg\u00e4ngen hat uns zum vertrauensw\u00fcrdigen Partner f\u00fcr f\u00fchrende Unternehmen in den Bereichen <strong>Luftfahrt, Pharmaindustrie, Elektronik und mehr<\/strong> gemacht. Wir wickeln die Sendungen mit Sorgfalt ab und sorgen f\u00fcr eine reibungslose und zuverl\u00e4ssige Zustellung. Unternehmen w\u00e4hlen uns wegen unserer Zuverl\u00e4ssigkeit und unseres au\u00dfergew\u00f6hnlichen Service.<\/p>\t\t\t\t\t\t<\/div>\n\t\t\t\t<\/div>\n\t\t\t\t\t<\/div>\n\t\t<\/div>\n\t\t\t\t<div class=\"elementor-column elementor-col-50 elementor-top-column elementor-element elementor-element-7d3cac9a\" data-id=\"7d3cac9a\" data-element_type=\"column\">\n\t\t\t<div class=\"elementor-widget-wrap elementor-element-populated\">\n\t\t\t\t\t\t\t\t<div class=\"elementor-element elementor-element-58b2e2d4 elementor-widget elementor-widget-image\" data-id=\"58b2e2d4\" data-element_type=\"widget\" data-widget_type=\"image.default\">\n\t\t\t\t<div class=\"elementor-widget-container\">\n\t\t\t\t\t\t\t\t\t\t\t\t\t\t\t<img decoding=\"async\" width=\"800\" height=\"404\" src=\"https:\/\/www.aircargo-transport.eu\/discovery\/wp-content\/uploads\/2025\/01\/info-img.webp\" class=\"attachment-large size-large wp-image-876\" alt=\"\" srcset=\"https:\/\/www.aircargo-transport.eu\/discovery\/wp-content\/uploads\/2025\/01\/info-img.webp 800w, https:\/\/www.aircargo-transport.eu\/discovery\/wp-content\/uploads\/2025\/01\/info-img-768x388.webp 768w\" sizes=\"(max-width: 800px) 100vw, 800px\" \/>\t\t\t\t\t\t\t\t\t\t\t\t\t\t\t<\/div>\n\t\t\t\t<\/div>\n\t\t\t\t\t<\/div>\n\t\t<\/div>\n\t\t\t\t\t\t\t<\/div>\n\t\t<\/section>\n\t\t\t\t<section class=\"elementor-section elementor-top-section elementor-element elementor-element-6cb3154c elementor-section-boxed elementor-section-height-default elementor-section-height-default\" data-id=\"6cb3154c\" data-element_type=\"section\" data-settings=\"{&quot;background_background&quot;:&quot;classic&quot;}\">\n\t\t\t\t\t\t<div class=\"elementor-container elementor-column-gap-default\">\n\t\t\t\t\t<div class=\"elementor-column elementor-col-100 elementor-top-column elementor-element elementor-element-57a9ae9\" data-id=\"57a9ae9\" data-element_type=\"column\">\n\t\t\t<div class=\"elementor-widget-wrap elementor-element-populated\">\n\t\t\t\t\t\t\t\t<section class=\"elementor-section elementor-inner-section elementor-element elementor-element-c2dc0 elementor-section-boxed elementor-section-height-default elementor-section-height-default\" data-id=\"c2dc0\" data-element_type=\"section\">\n\t\t\t\t\t\t<div class=\"elementor-container elementor-column-gap-default\">\n\t\t\t\t\t<div class=\"elementor-column elementor-col-50 elementor-inner-column elementor-element elementor-element-3ebb8eaa\" data-id=\"3ebb8eaa\" data-element_type=\"column\">\n\t\t\t<div class=\"elementor-widget-wrap elementor-element-populated\">\n\t\t\t\t\t\t\t\t<div class=\"elementor-element elementor-element-7d783bb5 elementor-widget elementor-widget-image\" data-id=\"7d783bb5\" data-element_type=\"widget\" data-widget_type=\"image.default\">\n\t\t\t\t<div class=\"elementor-widget-container\">\n\t\t\t\t\t\t\t\t\t\t\t\t\t\t\t<img decoding=\"async\" width=\"800\" height=\"404\" src=\"https:\/\/www.aircargo-transport.eu\/discovery\/wp-content\/uploads\/2025\/01\/aircargo-image-plane-and-truck.webp\" class=\"attachment-large size-large wp-image-731\" alt=\"\" srcset=\"https:\/\/www.aircargo-transport.eu\/discovery\/wp-content\/uploads\/2025\/01\/aircargo-image-plane-and-truck.webp 800w, https:\/\/www.aircargo-transport.eu\/discovery\/wp-content\/uploads\/2025\/01\/aircargo-image-plane-and-truck-768x388.webp 768w\" sizes=\"(max-width: 800px) 100vw, 800px\" \/>\t\t\t\t\t\t\t\t\t\t\t\t\t\t\t<\/div>\n\t\t\t\t<\/div>\n\t\t\t\t\t<\/div>\n\t\t<\/div>\n\t\t\t\t<div class=\"elementor-column elementor-col-50 elementor-inner-column elementor-element elementor-element-46354ded\" data-id=\"46354ded\" data-element_type=\"column\">\n\t\t\t<div class=\"elementor-widget-wrap elementor-element-populated\">\n\t\t\t\t\t\t\t\t<div class=\"elementor-element elementor-element-102b74dd elementor-widget elementor-widget-text-editor\" data-id=\"102b74dd\" data-element_type=\"widget\" data-widget_type=\"text-editor.default\">\n\t\t\t\t<div class=\"elementor-widget-container\">\n\t\t\t\t\t\t\t<h3>Sind Sie bereit f\u00fcr einen Versand zum oder vom Flughafen Prag?<\/h3><p>Fordern Sie noch heute ein kostenloses, individuelles Angebot an und entdecken Sie, wie <strong>Aircargo Transport<\/strong> Ihre Sendungen rationalisieren kann:<\/p>\t\t\t\t\t\t<\/div>\n\t\t\t\t<\/div>\n\t\t\t\t<div class=\"elementor-element elementor-element-776e790f elementor-icon-list--layout-inline elementor-list-item-link-full_width elementor-widget elementor-widget-icon-list\" data-id=\"776e790f\" data-element_type=\"widget\" data-widget_type=\"icon-list.default\">\n\t\t\t\t<div class=\"elementor-widget-container\">\n\t\t\t<link rel=\"stylesheet\" href=\"https:\/\/www.aircargo-transport.eu\/discovery\/wp-content\/plugins\/elementor\/assets\/css\/widget-icon-list.min.css\">\t\t<ul class=\"elementor-icon-list-items elementor-inline-items\">\n\t\t\t\t\t\t\t<li class=\"elementor-icon-list-item elementor-inline-item\">\n\t\t\t\t\t\t\t\t\t\t\t<span class=\"elementor-icon-list-icon\">\n\t\t\t\t\t\t\t<i aria-hidden=\"true\" class=\"fas fa-phone-alt\"><\/i>\t\t\t\t\t\t<\/span>\n\t\t\t\t\t\t\t\t\t\t<span class=\"elementor-icon-list-text\">+49 (0) 28 22 \u2013 981930 <\/span>\n\t\t\t\t\t\t\t\t\t<\/li>\n\t\t\t\t\t\t\t\t<li class=\"elementor-icon-list-item elementor-inline-item\">\n\t\t\t\t\t\t\t\t\t\t\t<span class=\"elementor-icon-list-icon\">\n\t\t\t\t\t\t\t<i aria-hidden=\"true\" class=\"fas fa-envelope\"><\/i>\t\t\t\t\t\t<\/span>\n\t\t\t\t\t\t\t\t\t\t<span class=\"elementor-icon-list-text\">sales@aircargo-transport.eu<\/span>\n\t\t\t\t\t\t\t\t\t<\/li>\n\t\t\t\t\t\t<\/ul>\n\t\t\t\t<\/div>\n\t\t\t\t<\/div>\n\t\t\t\t\t<\/div>\n\t\t<\/div>\n\t\t\t\t\t\t\t<\/div>\n\t\t<\/section>\n\t\t\t\t\t<\/div>\n\t\t<\/div>\n\t\t\t\t\t\t\t<\/div>\n\t\t<\/section>\n\t\t\t\t\t\t\t<\/div>\n\t\t","protected":false},"excerpt":{"rendered":"<p>Frachttransporte vom und zum V\u00e1clav-Havel-Flughafen Prag (PRG) Der V\u00e1clav-Havel-Flughafen Prag (PRG) ist ein wichtiges Logistikzentrum im Herzen Mitteleuropas. Aufgrund seiner strategischen Lage zwischen West- und Osteuropa spielt er eine wichtige Rolle bei der Erleichterung effizienter G\u00fcterverkehrsdienste. Mit seiner modernen Infrastruktur, den umfangreichen Flugverbindungen und der N\u00e4he zu wichtigen Industriezentren ist der V\u00e1clav-Havel-Flughafen Prag ein wichtiges [&hellip;]<\/p>\n","protected":false},"author":1,"featured_media":0,"parent":0,"menu_order":0,"comment_status":"closed","ping_status":"closed","template":"","meta":{"footnotes":""},"_links":{"self":[{"href":"https:\/\/www.aircargo-transport.eu\/discovery\/wp-json\/wp\/v2\/pages\/1717"}],"collection":[{"href":"https:\/\/www.aircargo-transport.eu\/discovery\/wp-json\/wp\/v2\/pages"}],"about":[{"href":"https:\/\/www.aircargo-transport.eu\/discovery\/wp-json\/wp\/v2\/types\/page"}],"author":[{"embeddable":true,"href":"https:\/\/www.aircargo-transport.eu\/discovery\/wp-json\/wp\/v2\/users\/1"}],"replies":[{"embeddable":true,"href":"https:\/\/www.aircargo-transport.eu\/discovery\/wp-json\/wp\/v2\/comments?post=1717"}],"version-history":[{"count":4,"href":"https:\/\/www.aircargo-transport.eu\/discovery\/wp-json\/wp\/v2\/pages\/1717\/revisions"}],"predecessor-version":[{"id":1722,"href":"https:\/\/www.aircargo-transport.eu\/discovery\/wp-json\/wp\/v2\/pages\/1717\/revisions\/1722"}],"wp:attachment":[{"href":"https:\/\/www.aircargo-transport.eu\/discovery\/wp-json\/wp\/v2\/media?parent=1717"}],"curies":[{"name":"wp","href":"https:\/\/api.w.org\/{rel}","templated":true}]}}